{"id":75,"date":"2024-12-14T19:06:56","date_gmt":"2024-12-14T19:06:56","guid":{"rendered":"https:\/\/bedaadvocacia.com\/?page_id=75"},"modified":"2026-04-22T23:12:43","modified_gmt":"2026-04-22T20:12:43","slug":"equipe","status":"publish","type":"page","link":"https:\/\/bedaadvocacia.com\/?page_id=75","title":{"rendered":"Equipe"},"content":{"rendered":"\t\t<div data-elementor-type=\"wp-page\" data-elementor-id=\"75\" class=\"elementor elementor-75\" data-elementor-post-type=\"page\">\n\t\t\t\t<div class=\"elementor-element elementor-element-569a7b5 e-flex e-con-boxed e-con e-parent\" data-id=\"569a7b5\" data-element_type=\"container\" data-settings=\"{&quot;background_background&quot;:&quot;gradient&quot;}\">\n\t\t\t\t\t<div class=\"e-con-inner\">\n\t\t<div class=\"elementor-element elementor-element-e43ce8f e-con-full e-flex elementor-invisible e-con e-child\" data-id=\"e43ce8f\" data-element_type=\"container\" data-settings=\"{&quot;animation&quot;:&quot;fadeInDown&quot;}\">\n\t\t\t\t<div class=\"elementor-element elementor-element-23e8f52 elementor-widget elementor-widget-image\" data-id=\"23e8f52\" data-element_type=\"widget\" data-widget_type=\"image.default\">\n\t\t\t\t<div class=\"elementor-widget-container\">\n\t\t\t\t\t\t\t\t\t\t\t\t\t<img fetchpriority=\"high\" decoding=\"async\" width=\"1440\" height=\"2560\" src=\"https:\/\/bedaadvocacia.com\/wp-content\/uploads\/2025\/02\/IMG_2882-scaled.jpg\" class=\"attachment-full size-full wp-image-280\" alt=\"\" srcset=\"https:\/\/bedaadvocacia.com\/wp-content\/uploads\/2025\/02\/IMG_2882-scaled.jpg 1440w, https:\/\/bedaadvocacia.com\/wp-content\/uploads\/2025\/02\/IMG_2882-169x300.jpg 169w, https:\/\/bedaadvocacia.com\/wp-content\/uploads\/2025\/02\/IMG_2882-576x1024.jpg 576w, https:\/\/bedaadvocacia.com\/wp-content\/uploads\/2025\/02\/IMG_2882-768x1365.jpg 768w, https:\/\/bedaadvocacia.com\/wp-content\/uploads\/2025\/02\/IMG_2882-864x1536.jpg 864w, https:\/\/bedaadvocacia.com\/wp-content\/uploads\/2025\/02\/IMG_2882-1152x2048.jpg 1152w\" sizes=\"(max-width: 1440px) 100vw, 1440px\" \/>\t\t\t\t\t\t\t\t\t\t\t\t\t<\/div>\n\t\t\t\t<\/div>\n\t\t\t\t<\/div>\n\t\t<div class=\"elementor-element elementor-element-34dbafe e-con-full e-flex elementor-invisible e-con e-child\" data-id=\"34dbafe\" data-element_type=\"container\" data-settings=\"{&quot;animation&quot;:&quot;fadeInUp&quot;}\">\n\t\t\t\t<div class=\"elementor-element elementor-element-5df89e9 elementor-widget__width-inherit elementor-widget elementor-widget-heading\" data-id=\"5df89e9\" data-element_type=\"widget\" data-widget_type=\"heading.default\">\n\t\t\t\t<div class=\"elementor-widget-container\">\n\t\t\t<h2 class=\"elementor-heading-title elementor-size-default\">Sobre n\u00f3s<\/h2>\t\t<\/div>\n\t\t\t\t<\/div>\n\t\t\t\t<div class=\"elementor-element elementor-element-d9f4b56 elementor-widget elementor-widget-text-editor\" data-id=\"d9f4b56\" data-element_type=\"widget\" data-widget_type=\"text-editor.default\">\n\t\t\t\t<div class=\"elementor-widget-container\">\n\t\t\t\t\t\t\t<p class=\"p1\">A B\u00e9da Advocacia \u00e9 um escrit\u00f3rio de advocacia comprometido com a excel\u00eancia, formado por uma equipe altamente qualificada e dedicada a oferecer solu\u00e7\u00f5es jur\u00eddicas personalizadas e eficazes. Fundado por <b>Natanael B\u00e9da <\/b>e<b> Anna B\u00e9da,<\/b>\u00a0o escrit\u00f3rio se destaca em diversas \u00e1reas do Direito, com um atendimento humanizado e focado nas necessidades individuais de cada cliente.<\/p><p class=\"p1\">Nossa atua\u00e7\u00e3o abrange \u00e1reas de alta complexidade, como Direito da Sa\u00fade, onde lutamos pelos direitos dos pacientes contra irregularidades de planos de sa\u00fade e em demandas do SUS. Al\u00e9m disso, contamos com departamentos especializados em Direito do Trabalho, Direito Previdenci\u00e1rio, Direito Civil e Direito P\u00fablico, oferecendo um suporte abrangente e estrat\u00e9gico.<\/p><p class=\"p1\">Com lideran\u00e7a s\u00f3lida, nossa equipe \u00e9 guiada por <b>Natanael B\u00e9da<\/b>, s\u00f3cio e gestor jur\u00eddico, e <b>Anna B\u00e9da<\/b>, s\u00f3cia e gestora do atendimento ao cliente, ambos com ampla experi\u00eancia e especializa\u00e7\u00f5es em suas \u00e1reas de atua\u00e7\u00e3o. A equipe conta com advogados e profissionais dedicados que aliam conhecimento t\u00e9cnico a uma abordagem emp\u00e1tica e acess\u00edvel.<\/p><p class=\"p1\">Al\u00e9m disso, nossa presen\u00e7a digital \u00e9 fortalecida por estrat\u00e9gias inovadoras que conectam nossos servi\u00e7os \u00e0s necessidades dos clientes de forma impactante e eficaz.<\/p><p class=\"p1\">Na B\u00e9da Advocacia, acreditamos que cada caso \u00e9 \u00fanico e merece uma solu\u00e7\u00e3o sob medida. Nosso objetivo \u00e9 garantir os melhores resultados para nossos clientes, sempre com \u00e9tica, responsabilidade e compromisso. Seja qual for sua necessidade jur\u00eddica, estamos prontos para represent\u00e1-lo com excel\u00eancia e dedica\u00e7\u00e3o.<\/p><div id=\"acfifjfajpekbmhmjppnmmjgmhjkildl\" class=\"acfifjfajpekbmhmjppnmmjgmhjkildl\">\u00a0<\/div>\t\t\t\t\t\t<\/div>\n\t\t\t\t<\/div>\n\t\t\t\t<\/div>\n\t\t\t\t\t<\/div>\n\t\t\t\t<\/div>\n\t\t<div class=\"elementor-element elementor-element-989baad e-flex e-con-boxed e-con e-parent\" data-id=\"989baad\" data-element_type=\"container\" data-settings=\"{&quot;background_background&quot;:&quot;gradient&quot;}\">\n\t\t\t\t\t<div class=\"e-con-inner\">\n\t\t<div class=\"elementor-element elementor-element-ace3c88 e-con-full e-flex elementor-invisible e-con e-child\" data-id=\"ace3c88\" data-element_type=\"container\" data-settings=\"{&quot;animation&quot;:&quot;fadeInDown&quot;}\">\n\t\t\t\t<div class=\"elementor-element elementor-element-473a14e elementor-widget elementor-widget-image\" data-id=\"473a14e\" data-element_type=\"widget\" data-widget_type=\"image.default\">\n\t\t\t\t<div class=\"elementor-widget-container\">\n\t\t\t\t\t\t\t\t\t\t\t\t\t<img decoding=\"async\" width=\"1280\" height=\"920\" src=\"https:\/\/bedaadvocacia.com\/wp-content\/uploads\/2026\/04\/Design-sem-nome-3.jpg\" class=\"attachment-full size-full wp-image-493\" alt=\"\" srcset=\"https:\/\/bedaadvocacia.com\/wp-content\/uploads\/2026\/04\/Design-sem-nome-3.jpg 1280w, https:\/\/bedaadvocacia.com\/wp-content\/uploads\/2026\/04\/Design-sem-nome-3-300x216.jpg 300w, https:\/\/bedaadvocacia.com\/wp-content\/uploads\/2026\/04\/Design-sem-nome-3-1024x736.jpg 1024w, https:\/\/bedaadvocacia.com\/wp-content\/uploads\/2026\/04\/Design-sem-nome-3-768x552.jpg 768w\" sizes=\"(max-width: 1280px) 100vw, 1280px\" \/>\t\t\t\t\t\t\t\t\t\t\t\t\t<\/div>\n\t\t\t\t<\/div>\n\t\t\t\t<\/div>\n\t\t<div class=\"elementor-element elementor-element-cae6724 e-con-full e-flex elementor-invisible e-con e-child\" data-id=\"cae6724\" data-element_type=\"container\" data-settings=\"{&quot;animation&quot;:&quot;fadeInUp&quot;}\">\n\t\t\t\t<div class=\"elementor-element elementor-element-27f9475 elementor-widget__width-inherit elementor-widget elementor-widget-heading\" data-id=\"27f9475\" data-element_type=\"widget\" data-widget_type=\"heading.default\">\n\t\t\t\t<div class=\"elementor-widget-container\">\n\t\t\t<h2 class=\"elementor-heading-title elementor-size-default\">Natanael B\u00e9da<\/h2>\t\t<\/div>\n\t\t\t\t<\/div>\n\t\t\t\t<div class=\"elementor-element elementor-element-183dae7 elementor-widget__width-inherit elementor-widget elementor-widget-heading\" data-id=\"183dae7\" data-element_type=\"widget\" data-widget_type=\"heading.default\">\n\t\t\t\t<div class=\"elementor-widget-container\">\n\t\t\t<h2 class=\"elementor-heading-title elementor-size-default\">Advogado e s\u00f3cio<\/h2>\t\t<\/div>\n\t\t\t\t<\/div>\n\t\t\t\t<div class=\"elementor-element elementor-element-22dcf39 elementor-widget elementor-widget-text-editor\" data-id=\"22dcf39\" data-element_type=\"widget\" data-widget_type=\"text-editor.default\">\n\t\t\t\t<div class=\"elementor-widget-container\">\n\t\t\t\t\t\t\t<p>Formado pela Universidade Sul-Americana, especialista em Direito Civil, Processo Civil e Direito P\u00fablico, possui uma carreira s\u00f3lida, tendo iniciado seu trabalho na advocacia desde os primeiros anos da faculdade.<\/p><p>Iniciou sua carreira como advogado atuando em a\u00e7\u00f5es de Direito Trabalhista e Direito Civil, adquirindo ampla experi\u00eancia nessas especialidades. Posteriormente, atuou como advogado gestor em um escrit\u00f3rio especializado em Direito P\u00fablico, tendo mais de 2 mil processos ativos sob seus cuidados. Ali, aprimorou suas habilidades de gest\u00e3o e conhecimento t\u00e9cnico.<\/p><p>Alguns anos depois, fundou o escrit\u00f3rio <strong>B\u00e9da Advocacia<\/strong>, consolidando-se como refer\u00eancia em \u00e1reas de alta complexidade, especialmente em a\u00e7\u00f5es de Direito da Sa\u00fade. Seu trabalho inclui a atua\u00e7\u00e3o contra irregularidades cometidas por planos de sa\u00fade e a defesa dos direitos de pacientes que enfrentam dificuldades no Sistema \u00danico de Sa\u00fade (SUS) quando precisam do tratamento adequado. Posteriormente, ampliou a atua\u00e7\u00e3o do escrit\u00f3rio com a cria\u00e7\u00e3o de departamentos especializados em direito do trabalho, direito previdenci\u00e1rio, direito p\u00fablico com \u00eanfase na representa\u00e7\u00e3o de concurseiros e servidores p\u00fablicos, mantendo, ainda, atua\u00e7\u00e3o em direito da sa\u00fade.<\/p><p>Reconhecido por seu perfil calmo, concentrado e resolutivo, Dr. Natanael lidera com excel\u00eancia o escrit\u00f3rio <strong>B\u00e9da Advocacia<\/strong> como s\u00f3cio administrador. \u00c9 gestor do departamento jur\u00eddico, respons\u00e1vel pela distribui\u00e7\u00e3o e acompanhamento de prazos processuais, bem como pela supervis\u00e3o direta de sua equipe, sempre garantindo a efici\u00eancia e a qualidade dos servi\u00e7os prestados.<\/p><div id=\"acfifjfajpekbmhmjppnmmjgmhjkildl\" class=\"acfifjfajpekbmhmjppnmmjgmhjkildl\">\u00a0<\/div>\t\t\t\t\t\t<\/div>\n\t\t\t\t<\/div>\n\t\t\t\t<\/div>\n\t\t\t\t\t<\/div>\n\t\t\t\t<\/div>\n\t\t<div class=\"elementor-element elementor-element-e7a5946 e-flex e-con-boxed e-con e-parent\" data-id=\"e7a5946\" data-element_type=\"container\" data-settings=\"{&quot;background_background&quot;:&quot;gradient&quot;}\">\n\t\t\t\t\t<div class=\"e-con-inner\">\n\t\t<div class=\"elementor-element elementor-element-f95af6b e-con-full e-flex elementor-invisible e-con e-child\" data-id=\"f95af6b\" data-element_type=\"container\" data-settings=\"{&quot;animation&quot;:&quot;fadeInDown&quot;}\">\n\t\t\t\t<div class=\"elementor-element elementor-element-74d126d elementor-widget elementor-widget-image\" data-id=\"74d126d\" data-element_type=\"widget\" data-widget_type=\"image.default\">\n\t\t\t\t<div class=\"elementor-widget-container\">\n\t\t\t\t\t\t\t\t\t\t\t\t\t<img decoding=\"async\" width=\"1280\" height=\"920\" src=\"https:\/\/bedaadvocacia.com\/wp-content\/uploads\/2025\/01\/04.jpg\" class=\"attachment-full size-full wp-image-144\" alt=\"\" srcset=\"https:\/\/bedaadvocacia.com\/wp-content\/uploads\/2025\/01\/04.jpg 1280w, https:\/\/bedaadvocacia.com\/wp-content\/uploads\/2025\/01\/04-300x216.jpg 300w, https:\/\/bedaadvocacia.com\/wp-content\/uploads\/2025\/01\/04-1024x736.jpg 1024w, https:\/\/bedaadvocacia.com\/wp-content\/uploads\/2025\/01\/04-768x552.jpg 768w\" sizes=\"(max-width: 1280px) 100vw, 1280px\" \/>\t\t\t\t\t\t\t\t\t\t\t\t\t<\/div>\n\t\t\t\t<\/div>\n\t\t\t\t<\/div>\n\t\t<div class=\"elementor-element elementor-element-cfa5e28 e-con-full e-flex elementor-invisible e-con e-child\" data-id=\"cfa5e28\" data-element_type=\"container\" data-settings=\"{&quot;animation&quot;:&quot;fadeInUp&quot;}\">\n\t\t\t\t<div class=\"elementor-element elementor-element-f2226c9 elementor-widget__width-inherit elementor-widget elementor-widget-heading\" data-id=\"f2226c9\" data-element_type=\"widget\" data-widget_type=\"heading.default\">\n\t\t\t\t<div class=\"elementor-widget-container\">\n\t\t\t<h2 class=\"elementor-heading-title elementor-size-default\">Anna B\u00e9da<\/h2>\t\t<\/div>\n\t\t\t\t<\/div>\n\t\t\t\t<div class=\"elementor-element elementor-element-4244e44 elementor-widget__width-inherit elementor-widget elementor-widget-heading\" data-id=\"4244e44\" data-element_type=\"widget\" data-widget_type=\"heading.default\">\n\t\t\t\t<div class=\"elementor-widget-container\">\n\t\t\t<h2 class=\"elementor-heading-title elementor-size-default\">Advogada e s\u00f3cia<\/h2>\t\t<\/div>\n\t\t\t\t<\/div>\n\t\t\t\t<div class=\"elementor-element elementor-element-0bd6266 elementor-widget elementor-widget-text-editor\" data-id=\"0bd6266\" data-element_type=\"widget\" data-widget_type=\"text-editor.default\">\n\t\t\t\t<div class=\"elementor-widget-container\">\n\t\t\t\t\t\t\t<p>Especialista em Direito do Trabalho e Processo do Trabalho. Desde o in\u00edcio de sua trajet\u00f3ria acad\u00eamica, integrou escrit\u00f3rios de advocacia, acumulando experi\u00eancia pr\u00e1tica desde os primeiros anos de sua forma\u00e7\u00e3o. Ap\u00f3s se tornar advogada, dedicou os primeiros anos de sua carreira \u00e0 advocacia trabalhista, \u00e1rea onde desenvolveu sua especializa\u00e7\u00e3o e aprofundou seus conhecimentos t\u00e9cnicos e pr\u00e1ticos na \u00e1rea.<\/p><p>Posteriormente, fundou o escrit\u00f3rio B\u00e9da Advocacia, onde hoje atua como advogada em demandas de m\u00e9dia e alta complexidade, al\u00e9m de ser gestora do departamento de atendimento ao cliente. Sua abordagem \u00e9 pautada na clareza, humaniza\u00e7\u00e3o e acessibilidade, explicando os direitos dos clientes de maneira din\u00e2mica e emp\u00e1tica.<\/p><p>Dra. Anna \u00e9 reconhecida por seu carisma, criatividade e educa\u00e7\u00e3o, caracter\u00edsticas que a tornam uma refer\u00eancia no relacionamento com clientes e parceiros.<\/p><p>Seu compromisso com a excel\u00eancia e sua habilidade em traduzir quest\u00f5es jur\u00eddicas complexas em informa\u00e7\u00f5es compreens\u00edveis s\u00e3o diferenciais que fortalecem a confian\u00e7a dos clientes e consolidam o sucesso do escrit\u00f3rio.<\/p><div id=\"acfifjfajpekbmhmjppnmmjgmhjkildl\" class=\"acfifjfajpekbmhmjppnmmjgmhjkildl\">\u00a0<\/div>\t\t\t\t\t\t<\/div>\n\t\t\t\t<\/div>\n\t\t\t\t<\/div>\n\t\t\t\t\t<\/div>\n\t\t\t\t<\/div>\n\t\t<div class=\"elementor-element elementor-element-1b32404 e-flex e-con-boxed e-con e-parent\" data-id=\"1b32404\" data-element_type=\"container\" data-settings=\"{&quot;background_background&quot;:&quot;gradient&quot;}\">\n\t\t\t\t\t<div class=\"e-con-inner\">\n\t\t<div class=\"elementor-element elementor-element-c1faf88 e-con-full e-flex elementor-invisible e-con e-child\" data-id=\"c1faf88\" data-element_type=\"container\" data-settings=\"{&quot;animation&quot;:&quot;fadeInDown&quot;}\">\n\t\t\t\t<div class=\"elementor-element elementor-element-cd0a722 elementor-widget elementor-widget-image\" data-id=\"cd0a722\" data-element_type=\"widget\" data-widget_type=\"image.default\">\n\t\t\t\t<div class=\"elementor-widget-container\">\n\t\t\t\t\t\t\t\t\t\t\t\t\t<img loading=\"lazy\" decoding=\"async\" width=\"1280\" height=\"920\" src=\"https:\/\/bedaadvocacia.com\/wp-content\/uploads\/2026\/04\/Design-sem-nome-1.jpg\" class=\"attachment-full size-full wp-image-491\" alt=\"\" srcset=\"https:\/\/bedaadvocacia.com\/wp-content\/uploads\/2026\/04\/Design-sem-nome-1.jpg 1280w, https:\/\/bedaadvocacia.com\/wp-content\/uploads\/2026\/04\/Design-sem-nome-1-300x216.jpg 300w, https:\/\/bedaadvocacia.com\/wp-content\/uploads\/2026\/04\/Design-sem-nome-1-1024x736.jpg 1024w, https:\/\/bedaadvocacia.com\/wp-content\/uploads\/2026\/04\/Design-sem-nome-1-768x552.jpg 768w\" sizes=\"(max-width: 1280px) 100vw, 1280px\" \/>\t\t\t\t\t\t\t\t\t\t\t\t\t<\/div>\n\t\t\t\t<\/div>\n\t\t\t\t<\/div>\n\t\t<div class=\"elementor-element elementor-element-1a77e42 e-con-full e-flex elementor-invisible e-con e-child\" data-id=\"1a77e42\" data-element_type=\"container\" data-settings=\"{&quot;animation&quot;:&quot;fadeInUp&quot;}\">\n\t\t\t\t<div class=\"elementor-element elementor-element-ad49e0f elementor-widget__width-inherit elementor-widget elementor-widget-heading\" data-id=\"ad49e0f\" data-element_type=\"widget\" data-widget_type=\"heading.default\">\n\t\t\t\t<div class=\"elementor-widget-container\">\n\t\t\t<h2 class=\"elementor-heading-title elementor-size-default\">Keith Dayane<\/h2>\t\t<\/div>\n\t\t\t\t<\/div>\n\t\t\t\t<div class=\"elementor-element elementor-element-69288db elementor-widget elementor-widget-text-editor\" data-id=\"69288db\" data-element_type=\"widget\" data-widget_type=\"text-editor.default\">\n\t\t\t\t<div class=\"elementor-widget-container\">\n\t\t\t\t\t\t\t<div data-test-render-count=\"1\"><div class=\"group\"><div class=\"contents\"><div class=\"group relative relative pb-3\" data-is-streaming=\"false\"><div class=\"font-claude-response relative leading-[1.65rem] [&amp;_pre&gt;div]:bg-bg-000\/50 [&amp;_pre&gt;div]:border-0.5 [&amp;_pre&gt;div]:border-border-400 [&amp;_.ignore-pre-bg&gt;div]:bg-transparent [&amp;_.standard-markdown_:is(p,blockquote,h1,h2,h3,h4,h5,h6)]:pl-2 [&amp;_.standard-markdown_:is(p,blockquote,ul,ol,h1,h2,h3,h4,h5,h6)]:pr-8 [&amp;_.progressive-markdown_:is(p,blockquote,h1,h2,h3,h4,h5,h6)]:pl-2 [&amp;_.progressive-markdown_:is(p,blockquote,ul,ol,h1,h2,h3,h4,h5,h6)]:pr-8\"><div><div class=\"standard-markdown grid-cols-1 grid [&amp;_&gt;_*]:min-w-0 gap-3 standard-markdown\"><p class=\"font-claude-response-body break-words whitespace-normal leading-[1.7]\">Graduada pela AESGA FDG, Dra. Keith construiu uma forma\u00e7\u00e3o s\u00f3lida que fundamenta sua atua\u00e7\u00e3o precisa e estrat\u00e9gica no Direito. Com vis\u00e3o ampla sobre as diversas \u00e1reas do escrit\u00f3rio, dedica sua carreira ao aperfei\u00e7oamento dos fluxos jur\u00eddicos e \u00e0 entrega de solu\u00e7\u00f5es de alta performance.<\/p><p class=\"font-claude-response-body break-words whitespace-normal leading-[1.7]\">Como gestora do departamento jur\u00eddico da B\u00e9da Advocacia, coordena tecnicamente todas as demandas do escrit\u00f3rio, garantindo que cada tese seja constru\u00edda com rigor e seguran\u00e7a para os clientes.<\/p><p class=\"font-claude-response-body break-words whitespace-normal leading-[1.7]\">Reconhecida pela compet\u00eancia, aten\u00e7\u00e3o aos detalhes e serenidade, Dra. Keith enfrenta os desafios mais complexos com equil\u00edbrio, transmitindo seguran\u00e7a \u00e0 equipe e aos clientes. Seu compromisso com a efici\u00eancia e a \u00e9tica fazem dela um pilar essencial para a excel\u00eancia da B\u00e9da Advocacia.<\/p><\/div><\/div><\/div><\/div><\/div><\/div><\/div>\t\t\t\t\t\t<\/div>\n\t\t\t\t<\/div>\n\t\t\t\t<\/div>\n\t\t\t\t\t<\/div>\n\t\t\t\t<\/div>\n\t\t<div class=\"elementor-element elementor-element-bd343e4 e-flex e-con-boxed e-con e-parent\" data-id=\"bd343e4\" data-element_type=\"container\" data-settings=\"{&quot;background_background&quot;:&quot;gradient&quot;}\">\n\t\t\t\t\t<div class=\"e-con-inner\">\n\t\t<div class=\"elementor-element elementor-element-d6cabc2 e-con-full e-flex elementor-invisible e-con e-child\" data-id=\"d6cabc2\" data-element_type=\"container\" data-settings=\"{&quot;animation&quot;:&quot;fadeInDown&quot;}\">\n\t\t\t\t<div class=\"elementor-element elementor-element-9f7b39e elementor-widget elementor-widget-image\" data-id=\"9f7b39e\" data-element_type=\"widget\" data-widget_type=\"image.default\">\n\t\t\t\t<div class=\"elementor-widget-container\">\n\t\t\t\t\t\t\t\t\t\t\t\t\t<img loading=\"lazy\" decoding=\"async\" width=\"1280\" height=\"920\" src=\"https:\/\/bedaadvocacia.com\/wp-content\/uploads\/2025\/01\/03.jpg\" class=\"attachment-full size-full wp-image-143\" alt=\"\" srcset=\"https:\/\/bedaadvocacia.com\/wp-content\/uploads\/2025\/01\/03.jpg 1280w, https:\/\/bedaadvocacia.com\/wp-content\/uploads\/2025\/01\/03-300x216.jpg 300w, https:\/\/bedaadvocacia.com\/wp-content\/uploads\/2025\/01\/03-1024x736.jpg 1024w, https:\/\/bedaadvocacia.com\/wp-content\/uploads\/2025\/01\/03-768x552.jpg 768w\" sizes=\"(max-width: 1280px) 100vw, 1280px\" \/>\t\t\t\t\t\t\t\t\t\t\t\t\t<\/div>\n\t\t\t\t<\/div>\n\t\t\t\t<\/div>\n\t\t<div class=\"elementor-element elementor-element-3a42c0e e-con-full e-flex elementor-invisible e-con e-child\" data-id=\"3a42c0e\" data-element_type=\"container\" data-settings=\"{&quot;animation&quot;:&quot;fadeInUp&quot;}\">\n\t\t\t\t<div class=\"elementor-element elementor-element-3c1afb3 elementor-widget__width-inherit elementor-widget elementor-widget-heading\" data-id=\"3c1afb3\" data-element_type=\"widget\" data-widget_type=\"heading.default\">\n\t\t\t\t<div class=\"elementor-widget-container\">\n\t\t\t<h2 class=\"elementor-heading-title elementor-size-default\">Carlos Fernando Franco<\/h2>\t\t<\/div>\n\t\t\t\t<\/div>\n\t\t\t\t<div class=\"elementor-element elementor-element-a21f2b4 elementor-widget elementor-widget-text-editor\" data-id=\"a21f2b4\" data-element_type=\"widget\" data-widget_type=\"text-editor.default\">\n\t\t\t\t<div class=\"elementor-widget-container\">\n\t\t\t\t\t\t\t<p>Graduando em Direito na Universidade Federal de Goi\u00e1s (UFG) e fluente em ingl\u00eas, Carlos Fernando integra a equipe do escrit\u00f3rio, destacando-se por sua dedica\u00e7\u00e3o acad\u00eamica durante toda sua trajet\u00f3ria de aprendizado.<\/p><p>No escrit\u00f3rio, atua no departamento de atendimento ao cliente, sendo respons\u00e1vel por recepcionar, realizar a an\u00e1lise detalhada de cada caso e apresentar solu\u00e7\u00f5es jur\u00eddicas adequadas e vi\u00e1veis para os clientes. Carlos demonstra profundo conhecimento jur\u00eddico, especialmente em demandas relacionadas ao Direito P\u00fablico, e sua abordagem profissional \u00e9 marcada pela clareza e efic\u00e1cia na comunica\u00e7\u00e3o.<\/p><p>Reconhecido por sua educa\u00e7\u00e3o, carisma e excelente relacionamento com colegas e clientes, Carlos alia responsabilidade, voca\u00e7\u00e3o para a advocacia e um perfil calmo e resolutivo, que o torna uma pe\u00e7a essencial na equipe e um diferencial no atendimento.<\/p><div id=\"acfifjfajpekbmhmjppnmmjgmhjkildl\" class=\"acfifjfajpekbmhmjppnmmjgmhjkildl\">\u00a0<\/div><div id=\"acfifjfajpekbmhmjppnmmjgmhjkildl\" class=\"acfifjfajpekbmhmjppnmmjgmhjkildl\">\u00a0<\/div>\t\t\t\t\t\t<\/div>\n\t\t\t\t<\/div>\n\t\t\t\t<\/div>\n\t\t\t\t\t<\/div>\n\t\t\t\t<\/div>\n\t\t<div class=\"elementor-element elementor-element-f568045 e-flex e-con-boxed e-con e-parent\" data-id=\"f568045\" data-element_type=\"container\" data-settings=\"{&quot;background_background&quot;:&quot;gradient&quot;}\">\n\t\t\t\t\t<div class=\"e-con-inner\">\n\t\t<div class=\"elementor-element elementor-element-7170c2c e-con-full e-flex elementor-invisible e-con e-child\" data-id=\"7170c2c\" data-element_type=\"container\" data-settings=\"{&quot;animation&quot;:&quot;fadeInDown&quot;}\">\n\t\t\t\t<div class=\"elementor-element elementor-element-f80442f elementor-widget elementor-widget-image\" data-id=\"f80442f\" data-element_type=\"widget\" data-widget_type=\"image.default\">\n\t\t\t\t<div class=\"elementor-widget-container\">\n\t\t\t\t\t\t\t\t\t\t\t\t\t<img loading=\"lazy\" decoding=\"async\" width=\"1280\" height=\"920\" src=\"https:\/\/bedaadvocacia.com\/wp-content\/uploads\/2025\/01\/07.jpg\" class=\"attachment-full size-full wp-image-147\" alt=\"\" srcset=\"https:\/\/bedaadvocacia.com\/wp-content\/uploads\/2025\/01\/07.jpg 1280w, https:\/\/bedaadvocacia.com\/wp-content\/uploads\/2025\/01\/07-300x216.jpg 300w, https:\/\/bedaadvocacia.com\/wp-content\/uploads\/2025\/01\/07-1024x736.jpg 1024w, https:\/\/bedaadvocacia.com\/wp-content\/uploads\/2025\/01\/07-768x552.jpg 768w\" sizes=\"(max-width: 1280px) 100vw, 1280px\" \/>\t\t\t\t\t\t\t\t\t\t\t\t\t<\/div>\n\t\t\t\t<\/div>\n\t\t\t\t<\/div>\n\t\t<div class=\"elementor-element elementor-element-8598661 e-con-full e-flex elementor-invisible e-con e-child\" data-id=\"8598661\" data-element_type=\"container\" data-settings=\"{&quot;animation&quot;:&quot;fadeInUp&quot;}\">\n\t\t\t\t<div class=\"elementor-element elementor-element-a44031b elementor-widget__width-inherit elementor-widget elementor-widget-heading\" data-id=\"a44031b\" data-element_type=\"widget\" data-widget_type=\"heading.default\">\n\t\t\t\t<div class=\"elementor-widget-container\">\n\t\t\t<h2 class=\"elementor-heading-title elementor-size-default\">Maria Luiza Campos<\/h2>\t\t<\/div>\n\t\t\t\t<\/div>\n\t\t\t\t<div class=\"elementor-element elementor-element-e809d39 elementor-widget elementor-widget-text-editor\" data-id=\"e809d39\" data-element_type=\"widget\" data-widget_type=\"text-editor.default\">\n\t\t\t\t<div class=\"elementor-widget-container\">\n\t\t\t\t\t\t\t<p>Respons\u00e1vel pelo marketing do escrit\u00f3rio, gerindo os perfis do Instagram, gerenciando a produ\u00e7\u00e3o de conte\u00fado das nossas plataformas digitais e criando estrat\u00e9gias para que nosso conte\u00fado a cada dia leve mais informa\u00e7\u00f5es e conhecimento \u00e0s pessoas.<\/p><p>Malu, como \u00e9 carinhosamente chamada por todos, se destaca por sua criatividade, dinamismo e compromisso com a excel\u00eancia em seu trabalho, com uma abordagem inovadora e focada em resultados, ela contribui ativamente para a imagem e o posicionamento estrat\u00e9gico do escrit\u00f3rio no mercado.<\/p><p>Sempre em busca de aprimoramento, Maria Luiza est\u00e1 constantemente ampliando seus conhecimentos, explorando novas ferramentas e tend\u00eancias para desenvolver campanhas eficazes e alinhadas aos objetivos da equipe. Sua paix\u00e3o pelo que faz \u00e9 refletida na qualidade de seus projetos e no impacto positivo que gera.<\/p><p>Reconhecida por sua responsabilidade e dedica\u00e7\u00e3o, Maria Luiza \u00e9 uma profissional essencial para a comunica\u00e7\u00e3o e o fortalecimento da marca do escrit\u00f3rio.<\/p>\t\t\t\t\t\t<\/div>\n\t\t\t\t<\/div>\n\t\t\t\t<\/div>\n\t\t\t\t\t<\/div>\n\t\t\t\t<\/div>\n\t\t<div class=\"elementor-element elementor-element-ef2a945 e-flex e-con-boxed e-con e-parent\" data-id=\"ef2a945\" data-element_type=\"container\" data-settings=\"{&quot;background_background&quot;:&quot;gradient&quot;}\">\n\t\t\t\t\t<div class=\"e-con-inner\">\n\t\t<div class=\"elementor-element elementor-element-9bdb17c e-con-full e-flex elementor-invisible e-con e-child\" data-id=\"9bdb17c\" data-element_type=\"container\" data-settings=\"{&quot;animation&quot;:&quot;fadeInDown&quot;}\">\n\t\t\t\t<div class=\"elementor-element elementor-element-c6a4d36 elementor-widget elementor-widget-image\" data-id=\"c6a4d36\" data-element_type=\"widget\" data-widget_type=\"image.default\">\n\t\t\t\t<div class=\"elementor-widget-container\">\n\t\t\t\t\t\t\t\t\t\t\t\t\t<img loading=\"lazy\" decoding=\"async\" width=\"1280\" height=\"920\" src=\"https:\/\/bedaadvocacia.com\/wp-content\/uploads\/2026\/04\/Design-sem-nome-4.jpg\" class=\"attachment-full size-full wp-image-494\" alt=\"\" srcset=\"https:\/\/bedaadvocacia.com\/wp-content\/uploads\/2026\/04\/Design-sem-nome-4.jpg 1280w, https:\/\/bedaadvocacia.com\/wp-content\/uploads\/2026\/04\/Design-sem-nome-4-300x216.jpg 300w, https:\/\/bedaadvocacia.com\/wp-content\/uploads\/2026\/04\/Design-sem-nome-4-1024x736.jpg 1024w, https:\/\/bedaadvocacia.com\/wp-content\/uploads\/2026\/04\/Design-sem-nome-4-768x552.jpg 768w\" sizes=\"(max-width: 1280px) 100vw, 1280px\" \/>\t\t\t\t\t\t\t\t\t\t\t\t\t<\/div>\n\t\t\t\t<\/div>\n\t\t\t\t<\/div>\n\t\t<div class=\"elementor-element elementor-element-f349e55 e-con-full e-flex elementor-invisible e-con e-child\" data-id=\"f349e55\" data-element_type=\"container\" data-settings=\"{&quot;animation&quot;:&quot;fadeInUp&quot;}\">\n\t\t\t\t<div class=\"elementor-element elementor-element-a7c8092 elementor-widget__width-inherit elementor-widget elementor-widget-heading\" data-id=\"a7c8092\" data-element_type=\"widget\" data-widget_type=\"heading.default\">\n\t\t\t\t<div class=\"elementor-widget-container\">\n\t\t\t<h2 class=\"elementor-heading-title elementor-size-default\">Anna Clara Martins Barbosa<span style=\"background-color: transparent\"><\/span><\/h2>\t\t<\/div>\n\t\t\t\t<\/div>\n\t\t\t\t<div class=\"elementor-element elementor-element-b91b69d elementor-widget elementor-widget-text-editor\" data-id=\"b91b69d\" data-element_type=\"widget\" data-widget_type=\"text-editor.default\">\n\t\t\t\t<div class=\"elementor-widget-container\">\n\t\t\t\t\t\t\t<p>Graduanda em Direito pela Universidade Sul-Americana, Anna Clara atua no atendimento aos clientes e na an\u00e1lise de documentos, verificando se atendem aos crit\u00e9rios necess\u00e1rios para a concess\u00e3o de benef\u00edcios junto ao INSS. Seu trabalho contribui para a organiza\u00e7\u00e3o das demandas e o encaminhamento adequado dos casos.<\/p><p><span style=\"font-size: 1em; background-color: transparent;\">Comunicativa, carism\u00e1tica e sempre disposta a aprender, destaca-se pela forma atenciosa com que lida com o p\u00fablico e pela responsabilidade com suas atividades.<\/span><span style=\"font-size: 1em; background-color: transparent;\">\u00a0<\/span><\/p><div>\u00a0<\/div>\t\t\t\t\t\t<\/div>\n\t\t\t\t<\/div>\n\t\t\t\t<\/div>\n\t\t\t\t\t<\/div>\n\t\t\t\t<\/div>\n\t\t<div class=\"elementor-element elementor-element-9cd4719 e-flex e-con-boxed e-con e-parent\" data-id=\"9cd4719\" data-element_type=\"container\" data-settings=\"{&quot;background_background&quot;:&quot;gradient&quot;}\">\n\t\t\t\t\t<div class=\"e-con-inner\">\n\t\t<div class=\"elementor-element elementor-element-699cf6e e-con-full e-flex elementor-invisible e-con e-child\" data-id=\"699cf6e\" data-element_type=\"container\" data-settings=\"{&quot;animation&quot;:&quot;fadeInDown&quot;}\">\n\t\t\t\t<div class=\"elementor-element elementor-element-23ce5fa elementor-widget elementor-widget-image\" data-id=\"23ce5fa\" data-element_type=\"widget\" data-widget_type=\"image.default\">\n\t\t\t\t<div class=\"elementor-widget-container\">\n\t\t\t\t\t\t\t\t\t\t\t\t\t<img loading=\"lazy\" decoding=\"async\" width=\"1280\" height=\"920\" src=\"https:\/\/bedaadvocacia.com\/wp-content\/uploads\/2026\/04\/Design-sem-nome.jpg\" class=\"attachment-full size-full wp-image-490\" alt=\"\" srcset=\"https:\/\/bedaadvocacia.com\/wp-content\/uploads\/2026\/04\/Design-sem-nome.jpg 1280w, https:\/\/bedaadvocacia.com\/wp-content\/uploads\/2026\/04\/Design-sem-nome-300x216.jpg 300w, https:\/\/bedaadvocacia.com\/wp-content\/uploads\/2026\/04\/Design-sem-nome-1024x736.jpg 1024w, https:\/\/bedaadvocacia.com\/wp-content\/uploads\/2026\/04\/Design-sem-nome-768x552.jpg 768w\" sizes=\"(max-width: 1280px) 100vw, 1280px\" \/>\t\t\t\t\t\t\t\t\t\t\t\t\t<\/div>\n\t\t\t\t<\/div>\n\t\t\t\t<\/div>\n\t\t<div class=\"elementor-element elementor-element-dd14b52 e-con-full e-flex elementor-invisible e-con e-child\" data-id=\"dd14b52\" data-element_type=\"container\" data-settings=\"{&quot;animation&quot;:&quot;fadeInUp&quot;}\">\n\t\t\t\t<div class=\"elementor-element elementor-element-833ed62 elementor-widget__width-inherit elementor-widget elementor-widget-heading\" data-id=\"833ed62\" data-element_type=\"widget\" data-widget_type=\"heading.default\">\n\t\t\t\t<div class=\"elementor-widget-container\">\n\t\t\t<h2 class=\"elementor-heading-title elementor-size-default\">Vanabia Aparecida Tavares <\/h2>\t\t<\/div>\n\t\t\t\t<\/div>\n\t\t\t\t<div class=\"elementor-element elementor-element-12a1e85 elementor-widget elementor-widget-text-editor\" data-id=\"12a1e85\" data-element_type=\"widget\" data-widget_type=\"text-editor.default\">\n\t\t\t\t<div class=\"elementor-widget-container\">\n\t\t\t\t\t\t\t<div data-test-render-count=\"1\"><div class=\"group\"><div class=\"contents\"><div class=\"group relative relative pb-3\" data-is-streaming=\"false\"><div class=\"font-claude-response relative leading-[1.65rem] [&amp;_pre&gt;div]:bg-bg-000\/50 [&amp;_pre&gt;div]:border-0.5 [&amp;_pre&gt;div]:border-border-400 [&amp;_.ignore-pre-bg&gt;div]:bg-transparent [&amp;_.standard-markdown_:is(p,blockquote,h1,h2,h3,h4,h5,h6)]:pl-2 [&amp;_.standard-markdown_:is(p,blockquote,ul,ol,h1,h2,h3,h4,h5,h6)]:pr-8 [&amp;_.progressive-markdown_:is(p,blockquote,h1,h2,h3,h4,h5,h6)]:pl-2 [&amp;_.progressive-markdown_:is(p,blockquote,ul,ol,h1,h2,h3,h4,h5,h6)]:pr-8\"><div><div class=\"standard-markdown grid-cols-1 grid [&amp;_&gt;_*]:min-w-0 gap-3 standard-markdown\"><p class=\"font-claude-response-body break-words whitespace-normal leading-[1.7]\">Dra. Vanabia Tavares \u00e9 formada pela UNIP e especializou sua trajet\u00f3ria na prote\u00e7\u00e3o dos direitos dos segurados, com foco em Seguridade Social e benef\u00edcios junto ao INSS.<\/p><p class=\"font-claude-response-body break-words whitespace-normal leading-[1.7]\">Atualmente, lidera o departamento previdenci\u00e1rio da B\u00e9da Advocacia, conduzindo com expertise a an\u00e1lise t\u00e9cnica de cada caso \u2014 do primeiro atendimento ao acompanhamento dos requerimentos administrativos \u2014 para garantir o melhor resultado aos clientes.<\/p><p class=\"font-claude-response-body break-words whitespace-normal leading-[1.7]\">Reconhecida pelo carisma e pelo atendimento acolhedor, Dra. Vanabia acredita que o Direito Previdenci\u00e1rio \u00e9, acima de tudo, cuidar do futuro e da dignidade das pessoas. Seu compromisso com a \u00e9tica e sua capacidade de transformar a complexidade das leis em resultados concretos s\u00e3o marcas que consolidam a excel\u00eancia do setor previdenci\u00e1rio do escrit\u00f3rio.<\/p><\/div><\/div><\/div><\/div><\/div><\/div><\/div>\t\t\t\t\t\t<\/div>\n\t\t\t\t<\/div>\n\t\t\t\t<\/div>\n\t\t\t\t\t<\/div>\n\t\t\t\t<\/div>\n\t\t<div class=\"elementor-element elementor-element-3a77f11 e-flex e-con-boxed e-con e-parent\" data-id=\"3a77f11\" data-element_type=\"container\" data-settings=\"{&quot;background_background&quot;:&quot;gradient&quot;}\">\n\t\t\t\t\t<div class=\"e-con-inner\">\n\t\t<div class=\"elementor-element elementor-element-30a23d5 e-con-full e-flex elementor-invisible e-con e-child\" data-id=\"30a23d5\" data-element_type=\"container\" data-settings=\"{&quot;animation&quot;:&quot;fadeInDown&quot;}\">\n\t\t\t\t<div class=\"elementor-element elementor-element-8e15690 elementor-widget elementor-widget-image\" data-id=\"8e15690\" data-element_type=\"widget\" data-widget_type=\"image.default\">\n\t\t\t\t<div class=\"elementor-widget-container\">\n\t\t\t\t\t\t\t\t\t\t\t\t\t<img loading=\"lazy\" decoding=\"async\" width=\"1280\" height=\"920\" src=\"https:\/\/bedaadvocacia.com\/wp-content\/uploads\/2025\/07\/Design-sem-nome-1.png\" class=\"attachment-full size-full wp-image-452\" alt=\"\" srcset=\"https:\/\/bedaadvocacia.com\/wp-content\/uploads\/2025\/07\/Design-sem-nome-1.png 1280w, https:\/\/bedaadvocacia.com\/wp-content\/uploads\/2025\/07\/Design-sem-nome-1-300x216.png 300w, https:\/\/bedaadvocacia.com\/wp-content\/uploads\/2025\/07\/Design-sem-nome-1-1024x736.png 1024w, https:\/\/bedaadvocacia.com\/wp-content\/uploads\/2025\/07\/Design-sem-nome-1-768x552.png 768w\" sizes=\"(max-width: 1280px) 100vw, 1280px\" \/>\t\t\t\t\t\t\t\t\t\t\t\t\t<\/div>\n\t\t\t\t<\/div>\n\t\t\t\t<\/div>\n\t\t<div class=\"elementor-element elementor-element-d56648d e-con-full e-flex elementor-invisible e-con e-child\" data-id=\"d56648d\" data-element_type=\"container\" data-settings=\"{&quot;animation&quot;:&quot;fadeInUp&quot;}\">\n\t\t\t\t<div class=\"elementor-element elementor-element-4802b22 elementor-widget__width-inherit elementor-widget elementor-widget-heading\" data-id=\"4802b22\" data-element_type=\"widget\" data-widget_type=\"heading.default\">\n\t\t\t\t<div class=\"elementor-widget-container\">\n\t\t\t<h2 class=\"elementor-heading-title elementor-size-default\">William Pereira Bezerra Neto<\/h2>\t\t<\/div>\n\t\t\t\t<\/div>\n\t\t\t\t<div class=\"elementor-element elementor-element-7770cbd elementor-widget elementor-widget-text-editor\" data-id=\"7770cbd\" data-element_type=\"widget\" data-widget_type=\"text-editor.default\">\n\t\t\t\t<div class=\"elementor-widget-container\">\n\t\t\t\t\t\t\t<p>Graduando em Direito pela Pontif\u00edcia Universidade Cat\u00f3lica de Goi\u00e1s (PUC-GO), William integra o time de atendimento ao cliente do escrit\u00f3rio, oferecendo suporte direto e atencioso a quem nos procura em busca de orienta\u00e7\u00e3o jur\u00eddica.<\/p><p><span style=\"font-size: 1em; background-color: transparent;\">Com perfil determinado, investigativo e atento aos detalhes, busca compreender cada caso de forma individualizada, sempre com foco em acolher, orientar e encontrar solu\u00e7\u00f5es jur\u00eddicas eficazes. Sua postura anal\u00edtica, aliada \u00e0 curiosidade e ao comprometimento, contribui para um atendimento humanizado e estrat\u00e9gico.<\/span><\/p><p><span style=\"font-size: 1em; background-color: transparent;\">No contato com os clientes, William transmite confian\u00e7a, empatia e profissionalismo \u2014 refor\u00e7ando o cuidado e a excel\u00eancia que fazem parte da atua\u00e7\u00e3o do nosso escrit\u00f3rio.<\/span><\/p>\t\t\t\t\t\t<\/div>\n\t\t\t\t<\/div>\n\t\t\t\t<\/div>\n\t\t\t\t\t<\/div>\n\t\t\t\t<\/div>\n\t\t<div class=\"elementor-element elementor-element-248120b e-flex e-con-boxed e-con e-parent\" data-id=\"248120b\" data-element_type=\"container\" data-settings=\"{&quot;background_background&quot;:&quot;gradient&quot;}\">\n\t\t\t\t\t<div class=\"e-con-inner\">\n\t\t<div class=\"elementor-element elementor-element-be6ed09 e-con-full e-flex elementor-invisible e-con e-child\" data-id=\"be6ed09\" data-element_type=\"container\" data-settings=\"{&quot;animation&quot;:&quot;fadeInDown&quot;}\">\n\t\t\t\t<div class=\"elementor-element elementor-element-e5bb345 elementor-widget elementor-widget-image\" data-id=\"e5bb345\" data-element_type=\"widget\" data-widget_type=\"image.default\">\n\t\t\t\t<div class=\"elementor-widget-container\">\n\t\t\t\t\t\t\t\t\t\t\t\t\t<img loading=\"lazy\" decoding=\"async\" width=\"1280\" height=\"920\" src=\"https:\/\/bedaadvocacia.com\/wp-content\/uploads\/2026\/04\/Design-sem-nome-2.jpg\" class=\"attachment-full size-full wp-image-492\" alt=\"\" srcset=\"https:\/\/bedaadvocacia.com\/wp-content\/uploads\/2026\/04\/Design-sem-nome-2.jpg 1280w, https:\/\/bedaadvocacia.com\/wp-content\/uploads\/2026\/04\/Design-sem-nome-2-300x216.jpg 300w, https:\/\/bedaadvocacia.com\/wp-content\/uploads\/2026\/04\/Design-sem-nome-2-1024x736.jpg 1024w, https:\/\/bedaadvocacia.com\/wp-content\/uploads\/2026\/04\/Design-sem-nome-2-768x552.jpg 768w\" sizes=\"(max-width: 1280px) 100vw, 1280px\" \/>\t\t\t\t\t\t\t\t\t\t\t\t\t<\/div>\n\t\t\t\t<\/div>\n\t\t\t\t<\/div>\n\t\t<div class=\"elementor-element elementor-element-1fdf066 e-con-full e-flex elementor-invisible e-con e-child\" data-id=\"1fdf066\" data-element_type=\"container\" data-settings=\"{&quot;animation&quot;:&quot;fadeInUp&quot;}\">\n\t\t\t\t<div class=\"elementor-element elementor-element-ed307fb elementor-widget__width-inherit elementor-widget elementor-widget-heading\" data-id=\"ed307fb\" data-element_type=\"widget\" data-widget_type=\"heading.default\">\n\t\t\t\t<div class=\"elementor-widget-container\">\n\t\t\t<h2 class=\"elementor-heading-title elementor-size-default\">Richard Alexandre<\/h2>\t\t<\/div>\n\t\t\t\t<\/div>\n\t\t\t\t<div class=\"elementor-element elementor-element-beca370 elementor-widget elementor-widget-text-editor\" data-id=\"beca370\" data-element_type=\"widget\" data-widget_type=\"text-editor.default\">\n\t\t\t\t<div class=\"elementor-widget-container\">\n\t\t\t\t\t\t\t<div data-test-render-count=\"1\"><div class=\"group\"><div class=\"contents\"><div class=\"group relative relative pb-3\" data-is-streaming=\"false\"><div class=\"font-claude-response relative leading-[1.65rem] [&amp;_pre&gt;div]:bg-bg-000\/50 [&amp;_pre&gt;div]:border-0.5 [&amp;_pre&gt;div]:border-border-400 [&amp;_.ignore-pre-bg&gt;div]:bg-transparent [&amp;_.standard-markdown_:is(p,blockquote,h1,h2,h3,h4,h5,h6)]:pl-2 [&amp;_.standard-markdown_:is(p,blockquote,ul,ol,h1,h2,h3,h4,h5,h6)]:pr-8 [&amp;_.progressive-markdown_:is(p,blockquote,h1,h2,h3,h4,h5,h6)]:pl-2 [&amp;_.progressive-markdown_:is(p,blockquote,ul,ol,h1,h2,h3,h4,h5,h6)]:pr-8\"><div class=\"standard-markdown grid-cols-1 grid [&amp;_&gt;_*]:min-w-0 gap-3 standard-markdown\"><div data-test-render-count=\"1\"><div class=\"group\"><div class=\"contents\"><div class=\"group relative relative pb-3\" data-is-streaming=\"false\"><div class=\"font-claude-response relative leading-[1.65rem] [&amp;_pre&gt;div]:bg-bg-000\/50 [&amp;_pre&gt;div]:border-0.5 [&amp;_pre&gt;div]:border-border-400 [&amp;_.ignore-pre-bg&gt;div]:bg-transparent [&amp;_.standard-markdown_:is(p,blockquote,h1,h2,h3,h4,h5,h6)]:pl-2 [&amp;_.standard-markdown_:is(p,blockquote,ul,ol,h1,h2,h3,h4,h5,h6)]:pr-8 [&amp;_.progressive-markdown_:is(p,blockquote,h1,h2,h3,h4,h5,h6)]:pl-2 [&amp;_.progressive-markdown_:is(p,blockquote,ul,ol,h1,h2,h3,h4,h5,h6)]:pr-8\"><div><div class=\"standard-markdown grid-cols-1 grid [&amp;_&gt;_*]:min-w-0 gap-3 standard-markdown\"><p class=\"font-claude-response-body break-words whitespace-normal leading-[1.7]\">Formado pela UNIFASAM, Richard Alexandre compreende que o Direito come\u00e7a no acolhimento e na escuta ativa. Com trajet\u00f3ria voltada para a excel\u00eancia no relacionamento interpessoal, garante que a jornada de cada cliente seja marcada pela clareza e pela seguran\u00e7a.<\/p><p class=\"font-claude-response-body break-words whitespace-normal leading-[1.7]\">Como gestor do departamento de atendimento da B\u00e9da Advocacia, Richard \u00e9 o elo entre os clientes e a equipe t\u00e9cnica, coordenando o primeiro contato e o suporte cont\u00ednuo para que cada d\u00favida seja sanada e o cliente se sinta assistido em todas as fases do seu caso.<\/p><p class=\"font-claude-response-body break-words whitespace-normal leading-[1.7]\">Reconhecido por ser prestativo, atencioso e comunicativo, sua habilidade de di\u00e1logo transforma quest\u00f5es complexas em comunica\u00e7\u00e3o simples e humana. Seu cuidado genu\u00edno com as pessoas consolida relacionamentos duradouros e garante a aten\u00e7\u00e3o exclusiva que cada cliente merece.<\/p><\/div><\/div><\/div><\/div><\/div><\/div><\/div><\/div><\/div><\/div><\/div><\/div><\/div>\t\t\t\t\t\t<\/div>\n\t\t\t\t<\/div>\n\t\t\t\t<\/div>\n\t\t\t\t\t<\/div>\n\t\t\t\t<\/div>\n\t\t\t\t<\/div>\n\t\t","protected":false},"excerpt":{"rendered":"<p>Sobre n\u00f3s A B\u00e9da Advocacia \u00e9 um escrit\u00f3rio de advocacia comprometido com a excel\u00eancia, formado por uma equipe altamente qualificada e dedicada a oferecer solu\u00e7\u00f5es jur\u00eddicas personalizadas e eficazes. Fundado por Natanael B\u00e9da e Anna B\u00e9da,\u00a0o escrit\u00f3rio se destaca em diversas \u00e1reas do Direito, com um atendimento humanizado e focado nas necessidades individuais de cada [&hellip;]<\/p>\n","protected":false},"author":1,"featured_media":0,"parent":0,"menu_order":0,"comment_status":"closed","ping_status":"closed","template":"","meta":{"_joinchat":[],"footnotes":""},"class_list":["post-75","page","type-page","status-publish","hentry"],"_links":{"self":[{"href":"https:\/\/bedaadvocacia.com\/index.php?rest_route=\/wp\/v2\/pages\/75","targetHints":{"allow":["GET"]}}],"collection":[{"href":"https:\/\/bedaadvocacia.com\/index.php?rest_route=\/wp\/v2\/pages"}],"about":[{"href":"https:\/\/bedaadvocacia.com\/index.php?rest_route=\/wp\/v2\/types\/page"}],"author":[{"embeddable":true,"href":"https:\/\/bedaadvocacia.com\/index.php?rest_route=\/wp\/v2\/users\/1"}],"replies":[{"embeddable":true,"href":"https:\/\/bedaadvocacia.com\/index.php?rest_route=%2Fwp%2Fv2%2Fcomments&post=75"}],"version-history":[{"count":62,"href":"https:\/\/bedaadvocacia.com\/index.php?rest_route=\/wp\/v2\/pages\/75\/revisions"}],"predecessor-version":[{"id":497,"href":"https:\/\/bedaadvocacia.com\/index.php?rest_route=\/wp\/v2\/pages\/75\/revisions\/497"}],"wp:attachment":[{"href":"https:\/\/bedaadvocacia.com\/index.php?rest_route=%2Fwp%2Fv2%2Fmedia&parent=75"}],"curies":[{"name":"wp","href":"https:\/\/api.w.org\/{rel}","templated":true}]}}